{"id":8757,"date":"2020-06-10T11:04:49","date_gmt":"2020-06-10T09:04:49","guid":{"rendered":"https:\/\/www.canplanells.com\/nuestra-historia\/"},"modified":"2020-09-07T11:24:24","modified_gmt":"2020-09-07T09:24:24","slug":"la-nostra-historia","status":"publish","type":"page","link":"https:\/\/www.canplanells.com\/ca\/la-nostra-historia\/","title":{"rendered":"La nostra hist\u00f2ria"},"content":{"rendered":"[vc_row type=&#8221;in_container&#8221; full_screen_row_position=&#8221;middle&#8221; column_margin=&#8221;default&#8221; scene_position=&#8221;center&#8221; text_color=&#8221;dark&#8221; text_align=&#8221;left&#8221; class=&#8221;home-slider&#8221; overlay_strength=&#8221;0.3&#8243; shape_divider_position=&#8221;bottom&#8221; bg_image_animation=&#8221;none&#8221; shape_type=&#8221;&#8221;][vc_column column_padding=&#8221;no-extra-padding&#8221; column_padding_position=&#8221;all&#8221; background_color_opacity=&#8221;1&#8243; background_hover_color_opacity=&#8221;1&#8243; column_link_target=&#8221;_self&#8221; column_shadow=&#8221;none&#8221; column_border_radius=&#8221;none&#8221; width=&#8221;1\/1&#8243; tablet_width_inherit=&#8221;default&#8221; tablet_text_alignment=&#8221;default&#8221; phone_text_alignment=&#8221;default&#8221; overlay_strength=&#8221;0.3&#8243; column_border_width=&#8221;none&#8221; column_border_style=&#8221;solid&#8221; bg_image_animation=&#8221;none&#8221;]<div  data-transition=\"slide\" data-overall_style=\"classic\" data-flexible-height=\"\" data-animate-in-effect=\"none\" data-fullscreen=\"true\" data-button-sizing=\"regular\" data-button-styling=\"btn_with_count\" data-autorotate=\"\" data-parallax=\"false\" data-parallax-disable-mobile=\"\" data-caption-trans=\"fade_in_from_bottom\" data-parallax-style=\"bg_only\" data-bg-animation=\"none\" data-full-width=\"true\" class=\"nectar-slider-wrap \" id=\"nectar-slider-instance-1\"><div class=\"swiper-container\"  data-tho=\"auto\" data-tco=\"auto\" data-pho=\"auto\" data-pco=\"auto\" data-loop=\"false\" data-height=\"650\" data-min-height=\"\" data-arrows=\"false\" data-bullets=\"true\" data-bullet_style=\"scale\" data-bullet_position=\"bottom\" data-desktop-swipe=\"false\" data-settings=\"\"> <div class=\"swiper-wrapper\"><div class=\"swiper-slide\" data-desktop-content-width=\"auto\" data-tablet-content-width=\"auto\" data-bg-alignment=\"center\" data-color-scheme=\"light\" data-x-pos=\"left\" data-y-pos=\"middle\" ><div class=\"slide-bg-wrap\"><div class=\"image-bg\" style=\"background-image: url(https:\/\/www.canplanells.com\/wp-content\/uploads\/2020\/06\/CANPLANELLS2012-0806.jpg);\"> &nbsp; <\/div><\/div><div class=\"container\">\n\t\t\t\t\t\t<div class=\"content\"><h2 class=\"ns-heading-el\">La hist\u00f2ria de la fam\u00edlia Planells<\/h2><\/div>\n\t\t\t\t\t\t\t\t<\/div><!--\/container--><div class=\"video-texture \"> <span class=\"ie-fix\"><\/span> <\/div><\/div> <!--\/swiper-slide--><\/div><div class=\"nectar-slider-loading \"> <span class=\"loading-icon none\">   <\/span> <\/div> <\/div> \n\t\t\t\t\t\n\t\t\t\t\t<\/div>[\/vc_column][\/vc_row][vc_row type=&#8221;in_container&#8221; full_screen_row_position=&#8221;middle&#8221; column_margin=&#8221;default&#8221; scene_position=&#8221;center&#8221; text_color=&#8221;dark&#8221; text_align=&#8221;left&#8221; class=&#8221;max-70-x-100 home-cont-text&#8221; id=&#8221;b1historia&#8221; overlay_strength=&#8221;0.3&#8243; shape_divider_position=&#8221;bottom&#8221; bg_image_animation=&#8221;none&#8221; shape_type=&#8221;&#8221;][vc_column column_padding=&#8221;no-extra-padding&#8221; column_padding_position=&#8221;all&#8221; background_color_opacity=&#8221;1&#8243; background_hover_color_opacity=&#8221;1&#8243; column_link_target=&#8221;_self&#8221; column_shadow=&#8221;none&#8221; column_border_radius=&#8221;none&#8221; width=&#8221;1\/1&#8243; tablet_width_inherit=&#8221;default&#8221; tablet_text_alignment=&#8221;default&#8221; phone_text_alignment=&#8221;default&#8221; overlay_strength=&#8221;0.3&#8243; column_border_width=&#8221;none&#8221; column_border_style=&#8221;solid&#8221; bg_image_animation=&#8221;none&#8221;][vc_column_text css=&#8221;.vc_custom_1599470576459{margin-top: 150px !important;}&#8221;]\n<h2 style=\"text-align: center;\">La nostra hist\u00f2ria<\/h2>\n[\/vc_column_text][vc_column_text css=&#8221;.vc_custom_1599470612471{margin-top: 50px !important;margin-bottom: 150px !important;}&#8221;]\n<p style=\"text-align: center;\">Els Planells procedeixen de Catalunya i van desembarcar a Eivissa despr\u00e9s de la reconquesta, liderada per l&#8217;arquebisbe de Tarragona, Guillem de Montgr\u00ed, el 1235. El Quart\u00f3 de Balansat, enclavament on s&#8217;assenta la finca, va ser repoblat per fam\u00edlies d&#8217;agricultors procedents de la prov\u00edncia de Girona i la costa barcelonina del Maresme.<\/p>\n<p style=\"text-align: center;\">Durant segles, la fam\u00edlia Planells va practicar una agricultura de subsist\u00e8ncia, amb un petit hort d&#8217;hortalisses, llegums i vinya. La resta del terreny es dedicava a la sembra de cereals i a arbres de sec\u00e0, com ametllers, garrofers i figueres. Tot i que es t\u00e9 const\u00e0ncia documental de l&#8217;habitatge des de mitjans de segle XVIII, \u00e9s molt m\u00e9s antic i s&#8217;ha sotm\u00e8s a diverses reformes.<\/p>\n<p style=\"text-align: center;\">A finals dels anys 50 de segle XX, a Can Planells va comen\u00e7ar un ambici\u00f3s projecte de modernitzaci\u00f3, diversificant els cultius i augmentant la producci\u00f3 per a la seva posterior venda i exportaci\u00f3. Tamb\u00e9 es va emprendre una explotaci\u00f3 ramadera amb aus de corral, vaques de llet, bous&#8230; La troballa d&#8217;aigua potable mitjan\u00e7ant sondejos va permetre la instal\u00b7laci\u00f3 de nous sistemes de regadiu. L&#8217;evoluci\u00f3 de la finca culmina amb el canvi de mil\u00b7lenni, moment en qu\u00e8 es crea l&#8217;actual agroturisme.<\/p>\n[\/vc_column_text][\/vc_column][\/vc_row][vc_row type=&#8221;full_width_content&#8221; full_screen_row_position=&#8221;middle&#8221; equal_height=&#8221;yes&#8221; content_placement=&#8221;top&#8221; column_margin=&#8221;default&#8221; full_height=&#8221;yes&#8221; columns_placement=&#8221;top&#8221; scene_position=&#8221;center&#8221; text_color=&#8221;dark&#8221; text_align=&#8221;left&#8221; top_padding=&#8221;0&#8243; bottom_padding=&#8221;0&#8243; translate_y=&#8221;0&#8243; translate_x=&#8221;0&#8243; class=&#8221;row-home-finca&#8221; id=&#8221;b2historia&#8221; overlay_strength=&#8221;0.3&#8243; shape_divider_position=&#8221;bottom&#8221; bg_image_animation=&#8221;none&#8221; shape_type=&#8221;&#8221;][vc_column centered_text=&#8221;true&#8221; column_padding=&#8221;no-extra-padding&#8221; column_padding_position=&#8221;all&#8221; background_color_opacity=&#8221;1&#8243; background_hover_color_opacity=&#8221;1&#8243; column_link_target=&#8221;_self&#8221; column_shadow=&#8221;none&#8221; column_border_radius=&#8221;none&#8221; width=&#8221;1\/2&#8243; tablet_width_inherit=&#8221;default&#8221; tablet_text_alignment=&#8221;default&#8221; phone_text_alignment=&#8221;default&#8221; overlay_strength=&#8221;0.3&#8243; column_border_width=&#8221;none&#8221; column_border_style=&#8221;solid&#8221; bg_image_animation=&#8221;none&#8221;][image_with_animation image_url=&#8221;5439&#8243; alignment=&#8221;&#8221; animation=&#8221;Fade In&#8221; hover_animation=&#8221;none&#8221; border_radius=&#8221;none&#8221; box_shadow=&#8221;none&#8221; image_loading=&#8221;default&#8221; max_width=&#8221;100%&#8221; max_width_mobile=&#8221;default&#8221;][\/vc_column][vc_column column_padding=&#8221;no-extra-padding&#8221; column_padding_position=&#8221;all&#8221; background_color_opacity=&#8221;1&#8243; background_hover_color_opacity=&#8221;1&#8243; column_link_target=&#8221;_self&#8221; column_shadow=&#8221;none&#8221; column_border_radius=&#8221;none&#8221; top_margin=&#8221;0&#8243; width=&#8221;1\/2&#8243; tablet_width_inherit=&#8221;default&#8221; tablet_text_alignment=&#8221;default&#8221; phone_text_alignment=&#8221;default&#8221; overlay_strength=&#8221;0.3&#8243; column_border_width=&#8221;none&#8221; column_border_style=&#8221;solid&#8221; bg_image_animation=&#8221;none&#8221;][image_with_animation image_url=&#8221;5442&#8243; alignment=&#8221;&#8221; animation=&#8221;Fade In&#8221; hover_animation=&#8221;none&#8221; border_radius=&#8221;none&#8221; box_shadow=&#8221;none&#8221; image_loading=&#8221;default&#8221; max_width=&#8221;100%&#8221; max_width_mobile=&#8221;default&#8221; margin_top=&#8221;0&#8243; margin_bottom=&#8221;0&#8243; el_class=&#8221;img-orange&#8221;][\/vc_column][\/vc_row][vc_row type=&#8221;in_container&#8221; full_screen_row_position=&#8221;middle&#8221; column_margin=&#8221;default&#8221; scene_position=&#8221;center&#8221; text_color=&#8221;dark&#8221; text_align=&#8221;left&#8221; class=&#8221;cont-habitaciones&#8221; overlay_strength=&#8221;0.3&#8243; shape_divider_position=&#8221;bottom&#8221; bg_image_animation=&#8221;none&#8221; shape_type=&#8221;&#8221;][vc_column column_padding=&#8221;no-extra-padding&#8221; column_padding_position=&#8221;all&#8221; background_color_opacity=&#8221;1&#8243; background_hover_color_opacity=&#8221;1&#8243; column_link_target=&#8221;_self&#8221; column_shadow=&#8221;none&#8221; column_border_radius=&#8221;none&#8221; width=&#8221;1\/1&#8243; tablet_width_inherit=&#8221;default&#8221; tablet_text_alignment=&#8221;default&#8221; phone_text_alignment=&#8221;default&#8221; overlay_strength=&#8221;0.3&#8243; column_border_width=&#8221;none&#8221; column_border_style=&#8221;solid&#8221; bg_image_animation=&#8221;none&#8221;][vc_column_text css=&#8221;.vc_custom_1599470584586{margin-top: 100px !important;margin-bottom: 30px !important;}&#8221;]\n<h2 style=\"text-align: center;\">Habitacions<\/h2>\n[\/vc_column_text][vc_column_text]\n<p style=\"text-align: center;\">A Can Planells no hi ha dues habitacions iguals. Totes es reparteixen entre la casa familiar, els estables i l&#8217;antiga vaqueria, espais que han estat adaptats per oferir als clients estances \u00e0mplies i c\u00f2modes. Tenen una decoraci\u00f3 r\u00fastica i acollidora, i sovint estan cobertes amb bigues gruixudes de fusta de savina, caracter\u00edstiques de l&#8217;arquitectura eivissenca.<\/p>\n<p style=\"text-align: center;\"><a href=\"https:\/\/www.canplanells.com\/ca\/habitacions\">Habitacions<\/a><\/p>\n[\/vc_column_text][image_with_animation image_url=&#8221;4941&#8243; alignment=&#8221;&#8221; animation=&#8221;Fade In&#8221; hover_animation=&#8221;none&#8221; border_radius=&#8221;none&#8221; box_shadow=&#8221;none&#8221; image_loading=&#8221;default&#8221; max_width=&#8221;100%&#8221; max_width_mobile=&#8221;default&#8221; el_class=&#8221;img-limon opaci-img&#8221;][\/vc_column][\/vc_row][vc_row type=&#8221;full_width_content&#8221; full_screen_row_position=&#8221;middle&#8221; equal_height=&#8221;yes&#8221; column_margin=&#8221;default&#8221; scene_position=&#8221;center&#8221; text_color=&#8221;dark&#8221; text_align=&#8221;left&#8221; overlay_strength=&#8221;0.3&#8243; shape_divider_position=&#8221;bottom&#8221; bg_image_animation=&#8221;none&#8221; shape_type=&#8221;&#8221;][vc_column column_padding=&#8221;no-extra-padding&#8221; column_padding_position=&#8221;all&#8221; background_color_opacity=&#8221;1&#8243; background_hover_color_opacity=&#8221;1&#8243; column_link_target=&#8221;_self&#8221; column_shadow=&#8221;none&#8221; column_border_radius=&#8221;none&#8221; el_class=&#8221;colum-carrousel&#8221; width=&#8221;1\/1&#8243; tablet_width_inherit=&#8221;default&#8221; tablet_text_alignment=&#8221;default&#8221; phone_text_alignment=&#8221;default&#8221; overlay_strength=&#8221;0.3&#8243; column_border_width=&#8221;none&#8221; column_border_style=&#8221;solid&#8221; bg_image_animation=&#8221;none&#8221;][vc_column_text css=&#8221;.vc_custom_1599470661050{padding-bottom: 150px !important;}&#8221;]<div class=\"carousel-slider-outer carousel-slider-outer-image-carousel carousel-slider-outer-8734\" style=\"--carousel-slider-nav-color:#f1f1f1;--carousel-slider-active-nav-color:#00d1b2;--carousel-slider-arrow-size:48px;--carousel-slider-bullet-size:10px\">\n<div id=\"&#039;id-8734\" class=\"carousel-slider carousel-slider-8734 arrows-visibility-hover dots-visibility-never arrows-outside dots-center dots-square owl-carousel\" data-slide-type=\"image-carousel\" data-owl-settings='{\"nav\":true,\"dots\":false,\"slideBy\":1,\"stagePadding\":10,\"margin\":20,\"loop\":true,\"lazyLoad\":false,\"autoplay\":true,\"autoplayTimeout\":5000,\"autoplaySpeed\":500,\"autoplayHoverPause\":false,\"autoWidth\":true,\"responsive\":{\"300\":{\"items\":1},\"576\":{\"items\":2},\"768\":{\"items\":2},\"1024\":{\"items\":3},\"1280\":{\"items\":4},\"1536\":{\"items\":5}}}'>\n<div class=\"carousel-slider__item\">\n\t<a href=\"https:\/\/www.canplanells.com\/ca\/habitacions\/#habdoble\" target=\"_self\"><img loading=\"lazy\" decoding=\"async\" width=\"900\" height=\"600\" src=\"https:\/\/www.canplanells.com\/wp-content\/uploads\/2020\/06\/CAN_PLANELLS_2018-0391-1-900x600.jpg\" class=\"attachment-wide_photography size-wide_photography\" alt=\"\" \/><div class=\"carousel-slider__caption\"><h4 class=\"title\">Doble<\/h4><\/div><\/a><\/div>\n\n<div class=\"carousel-slider__item\">\n\t<a href=\"https:\/\/www.canplanells.com\/ca\/habitacions#habdoblesuperior\" target=\"_self\"><img loading=\"lazy\" decoding=\"async\" width=\"900\" height=\"600\" src=\"https:\/\/www.canplanells.com\/wp-content\/uploads\/2020\/06\/CANPLANELLS2012-0867-900x600.jpg\" class=\"attachment-wide_photography size-wide_photography\" alt=\"\" srcset=\"https:\/\/www.canplanells.com\/wp-content\/uploads\/2020\/06\/CANPLANELLS2012-0867-900x600.jpg 900w, https:\/\/www.canplanells.com\/wp-content\/uploads\/2020\/06\/CANPLANELLS2012-0867-300x200.jpg 300w, https:\/\/www.canplanells.com\/wp-content\/uploads\/2020\/06\/CANPLANELLS2012-0867-768x512.jpg 768w, https:\/\/www.canplanells.com\/wp-content\/uploads\/2020\/06\/CANPLANELLS2012-0867.jpg 950w\" sizes=\"auto, (max-width: 900px) 100vw, 900px\" \/><div class=\"carousel-slider__caption\"><h4 class=\"title\">Doble Superior<\/h4><\/div><\/a><\/div>\n\n<div class=\"carousel-slider__item\">\n\t<a href=\"https:\/\/www.canplanells.com\/ca\/habitacions\/#habjuniorsuite\" target=\"_self\"><img loading=\"lazy\" decoding=\"async\" width=\"900\" height=\"600\" src=\"https:\/\/www.canplanells.com\/wp-content\/uploads\/2020\/06\/CANPLANELLS_HAB_2-3-2875-900x600.jpg\" class=\"attachment-wide_photography size-wide_photography\" alt=\"\" \/><div class=\"carousel-slider__caption\"><h4 class=\"title\">Junior Suite<\/h4><\/div><\/a><\/div>\n\n<div class=\"carousel-slider__item\">\n\t<a href=\"https:\/\/www.canplanells.com\/ca\/habitacions\/#habsuitesuperior\" target=\"_self\"><img loading=\"lazy\" decoding=\"async\" width=\"900\" height=\"600\" src=\"https:\/\/www.canplanells.com\/wp-content\/uploads\/2020\/09\/CANPLANELLS_HAB4-4948-2-900x600.jpg\" class=\"attachment-wide_photography size-wide_photography\" alt=\"\" \/><div class=\"carousel-slider__caption\"><h4 class=\"title\">Suite Superior<\/h4><\/div><\/a><\/div>\n\n<\/div><!-- .carousel-slider-8734 -->\n<\/div><!-- .carousel-slider-outer-8734 -->\n[\/vc_column_text][\/vc_column][\/vc_row]\n","protected":false},"excerpt":{"rendered":"<p>[vc_row type=&#8221;in_container&#8221; full_screen_row_position=&#8221;middle&#8221; column_margin=&#8221;default&#8221; scene_position=&#8221;center&#8221; text_color=&#8221;dark&#8221; text_align=&#8221;left&#8221; class=&#8221;home-slider&#8221; overlay_strength=&#8221;0.3&#8243; shape_divider_position=&#8221;bottom&#8221; bg_image_animation=&#8221;none&#8221; shape_type=&#8221;&#8221;][vc_column column_padding=&#8221;no-extra-padding&#8221; column_padding_position=&#8221;all&#8221; background_color_opacity=&#8221;1&#8243; background_hover_color_opacity=&#8221;1&#8243; column_link_target=&#8221;_self&#8221; column_shadow=&#8221;none&#8221; column_border_radius=&#8221;none&#8221; width=&#8221;1\/1&#8243; tablet_width_inherit=&#8221;default&#8221; tablet_text_alignment=&#8221;default&#8221; phone_text_alignment=&#8221;default&#8221; overlay_strength=&#8221;0.3&#8243; column_border_width=&#8221;none&#8221; column_border_style=&#8221;solid&#8221; bg_image_animation=&#8221;none&#8221;][\/vc_column][\/vc_row][vc_row type=&#8221;in_container&#8221; full_screen_row_position=&#8221;middle&#8221; column_margin=&#8221;default&#8221;&#8230;<\/p>\n","protected":false},"author":1,"featured_media":0,"parent":0,"menu_order":0,"comment_status":"closed","ping_status":"closed","template":"","meta":{"footnotes":""},"class_list":["post-8757","page","type-page","status-publish"],"yoast_head":"<!-- This site is optimized with the Yoast SEO plugin v26.3 - https:\/\/yoast.com\/wordpress\/plugins\/seo\/ -->\n<title>La nostra hist\u00f2ria - Can Planells<\/title>\n<meta name=\"robots\" content=\"index, follow, max-snippet:-1, max-image-preview:large, max-video-preview:-1\" \/>\n<link rel=\"canonical\" href=\"https:\/\/www.canplanells.com\/ca\/la-nostra-historia\/\" \/>\n<meta property=\"og:locale\" content=\"ca_ES\" \/>\n<meta property=\"og:type\" content=\"article\" \/>\n<meta property=\"og:title\" content=\"La nostra hist\u00f2ria - Can Planells\" \/>\n<meta property=\"og:description\" content=\"[vc_row type=&#8221;in_container&#8221; full_screen_row_position=&#8221;middle&#8221; column_margin=&#8221;default&#8221; scene_position=&#8221;center&#8221; text_color=&#8221;dark&#8221; text_align=&#8221;left&#8221; class=&#8221;home-slider&#8221; overlay_strength=&#8221;0.3&#8243; shape_divider_position=&#8221;bottom&#8221; bg_image_animation=&#8221;none&#8221; shape_type=&#8221;&#8221;][vc_column column_padding=&#8221;no-extra-padding&#8221; column_padding_position=&#8221;all&#8221; background_color_opacity=&#8221;1&#8243; background_hover_color_opacity=&#8221;1&#8243; column_link_target=&#8221;_self&#8221; column_shadow=&#8221;none&#8221; column_border_radius=&#8221;none&#8221; width=&#8221;1\/1&#8243; tablet_width_inherit=&#8221;default&#8221; tablet_text_alignment=&#8221;default&#8221; phone_text_alignment=&#8221;default&#8221; overlay_strength=&#8221;0.3&#8243; column_border_width=&#8221;none&#8221; column_border_style=&#8221;solid&#8221; bg_image_animation=&#8221;none&#8221;][\/vc_column][\/vc_row][vc_row type=&#8221;in_container&#8221; full_screen_row_position=&#8221;middle&#8221; column_margin=&#8221;default&#8221;...\" \/>\n<meta property=\"og:url\" content=\"https:\/\/www.canplanells.com\/ca\/la-nostra-historia\/\" \/>\n<meta property=\"og:site_name\" content=\"Can Planells\" \/>\n<meta property=\"article:publisher\" content=\"https:\/\/www.facebook.com\/canplanells\" \/>\n<meta property=\"article:modified_time\" content=\"2020-09-07T09:24:24+00:00\" \/>\n<meta name=\"twitter:card\" content=\"summary_large_image\" \/>\n<meta name=\"twitter:label1\" content=\"Temps estimat de lectura\" \/>\n\t<meta name=\"twitter:data1\" content=\"5 minuts\" \/>\n<script type=\"application\/ld+json\" class=\"yoast-schema-graph\">{\"@context\":\"https:\/\/schema.org\",\"@graph\":[{\"@type\":\"WebPage\",\"@id\":\"https:\/\/www.canplanells.com\/ca\/la-nostra-historia\/\",\"url\":\"https:\/\/www.canplanells.com\/ca\/la-nostra-historia\/\",\"name\":\"La nostra hist\u00f2ria - Can Planells\",\"isPartOf\":{\"@id\":\"https:\/\/www.canplanells.com\/ca\/#website\"},\"datePublished\":\"2020-06-10T09:04:49+00:00\",\"dateModified\":\"2020-09-07T09:24:24+00:00\",\"breadcrumb\":{\"@id\":\"https:\/\/www.canplanells.com\/ca\/la-nostra-historia\/#breadcrumb\"},\"inLanguage\":\"ca\",\"potentialAction\":[{\"@type\":\"ReadAction\",\"target\":[\"https:\/\/www.canplanells.com\/ca\/la-nostra-historia\/\"]}]},{\"@type\":\"BreadcrumbList\",\"@id\":\"https:\/\/www.canplanells.com\/ca\/la-nostra-historia\/#breadcrumb\",\"itemListElement\":[{\"@type\":\"ListItem\",\"position\":1,\"name\":\"Portada\",\"item\":\"https:\/\/www.canplanells.com\/ca\/home\/\"},{\"@type\":\"ListItem\",\"position\":2,\"name\":\"La nostra hist\u00f2ria\"}]},{\"@type\":\"WebSite\",\"@id\":\"https:\/\/www.canplanells.com\/ca\/#website\",\"url\":\"https:\/\/www.canplanells.com\/ca\/\",\"name\":\"Can Planells\",\"description\":\"Agroturismo en Ibiza\",\"publisher\":{\"@id\":\"https:\/\/www.canplanells.com\/ca\/#organization\"},\"potentialAction\":[{\"@type\":\"SearchAction\",\"target\":{\"@type\":\"EntryPoint\",\"urlTemplate\":\"https:\/\/www.canplanells.com\/ca\/?s={search_term_string}\"},\"query-input\":{\"@type\":\"PropertyValueSpecification\",\"valueRequired\":true,\"valueName\":\"search_term_string\"}}],\"inLanguage\":\"ca\"},{\"@type\":\"Organization\",\"@id\":\"https:\/\/www.canplanells.com\/ca\/#organization\",\"name\":\"Can Planells\",\"url\":\"https:\/\/www.canplanells.com\/ca\/\",\"logo\":{\"@type\":\"ImageObject\",\"inLanguage\":\"ca\",\"@id\":\"https:\/\/www.canplanells.com\/ca\/#\/schema\/logo\/image\/\",\"url\":\"https:\/\/www.canplanells.com\/wp-content\/uploads\/2020\/04\/logo-can-planells.svg\",\"contentUrl\":\"https:\/\/www.canplanells.com\/wp-content\/uploads\/2020\/04\/logo-can-planells.svg\",\"width\":1,\"height\":1,\"caption\":\"Can Planells\"},\"image\":{\"@id\":\"https:\/\/www.canplanells.com\/ca\/#\/schema\/logo\/image\/\"},\"sameAs\":[\"https:\/\/www.facebook.com\/canplanells\",\"https:\/\/www.instagram.com\/canplanells\/\/\"]}]}<\/script>\n<!-- \/ Yoast SEO plugin. -->","yoast_head_json":{"title":"La nostra hist\u00f2ria - Can Planells","robots":{"index":"index","follow":"follow","max-snippet":"max-snippet:-1","max-image-preview":"max-image-preview:large","max-video-preview":"max-video-preview:-1"},"canonical":"https:\/\/www.canplanells.com\/ca\/la-nostra-historia\/","og_locale":"ca_ES","og_type":"article","og_title":"La nostra hist\u00f2ria - Can Planells","og_description":"[vc_row type=&#8221;in_container&#8221; full_screen_row_position=&#8221;middle&#8221; column_margin=&#8221;default&#8221; scene_position=&#8221;center&#8221; text_color=&#8221;dark&#8221; text_align=&#8221;left&#8221; class=&#8221;home-slider&#8221; overlay_strength=&#8221;0.3&#8243; shape_divider_position=&#8221;bottom&#8221; bg_image_animation=&#8221;none&#8221; shape_type=&#8221;&#8221;][vc_column column_padding=&#8221;no-extra-padding&#8221; column_padding_position=&#8221;all&#8221; background_color_opacity=&#8221;1&#8243; background_hover_color_opacity=&#8221;1&#8243; column_link_target=&#8221;_self&#8221; column_shadow=&#8221;none&#8221; column_border_radius=&#8221;none&#8221; width=&#8221;1\/1&#8243; tablet_width_inherit=&#8221;default&#8221; tablet_text_alignment=&#8221;default&#8221; phone_text_alignment=&#8221;default&#8221; overlay_strength=&#8221;0.3&#8243; column_border_width=&#8221;none&#8221; column_border_style=&#8221;solid&#8221; bg_image_animation=&#8221;none&#8221;][\/vc_column][\/vc_row][vc_row type=&#8221;in_container&#8221; full_screen_row_position=&#8221;middle&#8221; column_margin=&#8221;default&#8221;...","og_url":"https:\/\/www.canplanells.com\/ca\/la-nostra-historia\/","og_site_name":"Can Planells","article_publisher":"https:\/\/www.facebook.com\/canplanells","article_modified_time":"2020-09-07T09:24:24+00:00","twitter_card":"summary_large_image","twitter_misc":{"Temps estimat de lectura":"5 minuts"},"schema":{"@context":"https:\/\/schema.org","@graph":[{"@type":"WebPage","@id":"https:\/\/www.canplanells.com\/ca\/la-nostra-historia\/","url":"https:\/\/www.canplanells.com\/ca\/la-nostra-historia\/","name":"La nostra hist\u00f2ria - Can Planells","isPartOf":{"@id":"https:\/\/www.canplanells.com\/ca\/#website"},"datePublished":"2020-06-10T09:04:49+00:00","dateModified":"2020-09-07T09:24:24+00:00","breadcrumb":{"@id":"https:\/\/www.canplanells.com\/ca\/la-nostra-historia\/#breadcrumb"},"inLanguage":"ca","potentialAction":[{"@type":"ReadAction","target":["https:\/\/www.canplanells.com\/ca\/la-nostra-historia\/"]}]},{"@type":"BreadcrumbList","@id":"https:\/\/www.canplanells.com\/ca\/la-nostra-historia\/#breadcrumb","itemListElement":[{"@type":"ListItem","position":1,"name":"Portada","item":"https:\/\/www.canplanells.com\/ca\/home\/"},{"@type":"ListItem","position":2,"name":"La nostra hist\u00f2ria"}]},{"@type":"WebSite","@id":"https:\/\/www.canplanells.com\/ca\/#website","url":"https:\/\/www.canplanells.com\/ca\/","name":"Can Planells","description":"Agroturismo en Ibiza","publisher":{"@id":"https:\/\/www.canplanells.com\/ca\/#organization"},"potentialAction":[{"@type":"SearchAction","target":{"@type":"EntryPoint","urlTemplate":"https:\/\/www.canplanells.com\/ca\/?s={search_term_string}"},"query-input":{"@type":"PropertyValueSpecification","valueRequired":true,"valueName":"search_term_string"}}],"inLanguage":"ca"},{"@type":"Organization","@id":"https:\/\/www.canplanells.com\/ca\/#organization","name":"Can Planells","url":"https:\/\/www.canplanells.com\/ca\/","logo":{"@type":"ImageObject","inLanguage":"ca","@id":"https:\/\/www.canplanells.com\/ca\/#\/schema\/logo\/image\/","url":"https:\/\/www.canplanells.com\/wp-content\/uploads\/2020\/04\/logo-can-planells.svg","contentUrl":"https:\/\/www.canplanells.com\/wp-content\/uploads\/2020\/04\/logo-can-planells.svg","width":1,"height":1,"caption":"Can Planells"},"image":{"@id":"https:\/\/www.canplanells.com\/ca\/#\/schema\/logo\/image\/"},"sameAs":["https:\/\/www.facebook.com\/canplanells","https:\/\/www.instagram.com\/canplanells\/\/"]}]}},"_links":{"self":[{"href":"https:\/\/www.canplanells.com\/ca\/wp-json\/wp\/v2\/pages\/8757","targetHints":{"allow":["GET"]}}],"collection":[{"href":"https:\/\/www.canplanells.com\/ca\/wp-json\/wp\/v2\/pages"}],"about":[{"href":"https:\/\/www.canplanells.com\/ca\/wp-json\/wp\/v2\/types\/page"}],"author":[{"embeddable":true,"href":"https:\/\/www.canplanells.com\/ca\/wp-json\/wp\/v2\/users\/1"}],"replies":[{"embeddable":true,"href":"https:\/\/www.canplanells.com\/ca\/wp-json\/wp\/v2\/comments?post=8757"}],"version-history":[{"count":2,"href":"https:\/\/www.canplanells.com\/ca\/wp-json\/wp\/v2\/pages\/8757\/revisions"}],"predecessor-version":[{"id":8760,"href":"https:\/\/www.canplanells.com\/ca\/wp-json\/wp\/v2\/pages\/8757\/revisions\/8760"}],"wp:attachment":[{"href":"https:\/\/www.canplanells.com\/ca\/wp-json\/wp\/v2\/media?parent=8757"}],"curies":[{"name":"wp","href":"https:\/\/api.w.org\/{rel}","templated":true}]}}