{"id":8688,"date":"2020-04-16T22:55:33","date_gmt":"2020-04-16T20:55:33","guid":{"rendered":"https:\/\/www.canplanells.com\/habitaciones\/"},"modified":"2024-06-26T13:03:06","modified_gmt":"2024-06-26T11:03:06","slug":"habitacions","status":"publish","type":"page","link":"https:\/\/www.canplanells.com\/ca\/habitacions\/","title":{"rendered":"Habitacions"},"content":{"rendered":"[vc_row type=&#8221;in_container&#8221; full_screen_row_position=&#8221;middle&#8221; column_margin=&#8221;default&#8221; scene_position=&#8221;center&#8221; text_color=&#8221;dark&#8221; text_align=&#8221;left&#8221; bottom_padding=&#8221;40&#8243; class=&#8221;row-habitaciones&#8221; overlay_strength=&#8221;0.3&#8243; shape_divider_position=&#8221;bottom&#8221; bg_image_animation=&#8221;none&#8221; shape_type=&#8221;&#8221;][vc_column column_padding=&#8221;no-extra-padding&#8221; column_padding_position=&#8221;all&#8221; background_color_opacity=&#8221;1&#8243; background_hover_color_opacity=&#8221;1&#8243; column_link_target=&#8221;_self&#8221; column_shadow=&#8221;none&#8221; column_border_radius=&#8221;none&#8221; width=&#8221;1\/1&#8243; tablet_width_inherit=&#8221;default&#8221; tablet_text_alignment=&#8221;default&#8221; phone_text_alignment=&#8221;default&#8221; overlay_strength=&#8221;0.3&#8243; column_border_width=&#8221;none&#8221; column_border_style=&#8221;solid&#8221; bg_image_animation=&#8221;none&#8221;][vc_column_text css=&#8221;.vc_custom_1599468559808{margin-bottom: 45px !important;}&#8221;]\n<h2 style=\"text-align: center;\">Habitacions<\/h2>\n[\/vc_column_text][vc_column_text css=&#8221;.vc_custom_1599468583155{margin-bottom: 45px !important;}&#8221;]\n<p style=\"text-align: center;\">A Can Planells no hi ha dues habitacions iguals. Totes es reparteixen entre la casa familiar, els estables i l&#8217;antiga vaqueria, espais que han estat adaptats per oferir als clients estances \u00e0mplies i c\u00f2modes. Tenen una decoraci\u00f3 r\u00fastica i acollidora, i sovint estan cobertes amb bigues gruixudes de fusta de savina, caracter\u00edstiques de l&#8217;arquitectura eivissenca.<\/p>\n<p style=\"text-align: center;\">Totes disposen d&#8217;espais exteriors, amb patis i terrasses on prendre el sol, gaudir de la lectura o contemplar el capvespre sobre la vall. Algunes estances, a m\u00e9s, compten amb banyera d&#8217;hidromassatge, i totes disposen d&#8217;internet wifi gratu\u00efta.<\/p>\n<p style=\"text-align: center;\">L&#8217;agroturisme disposa de quatre categories diferents d&#8217;habitacions, que s&#8217;adapten a totes les necessitats: doble, doble superior, junior suite i junior suite superior. Les darreres s\u00f3n especialment adequades per a fam\u00edlies.<\/p>\n[\/vc_column_text][vc_column_text css=&#8221;.vc_custom_1599552231576{padding-bottom: 10% !important;}&#8221; el_class=&#8221;menu_rooms&#8221;]\n<p style=\"text-align: center;\"><a href=\"https:\/\/www.canplanells.com\/ca\/habitacions\/#habdoble\">Doble<\/a> <a href=\"https:\/\/www.canplanells.com\/ca\/habitacions\/#habdoblesuperior\">Doble Superior<\/a> <a href=\"https:\/\/www.canplanells.com\/ca\/habitacions\/#habjuniorsuite\">Junior Suite<\/a> <a href=\"https:\/\/www.canplanells.com\/ca\/habitacions\/#habsuitesuperior\">Suite Superior<\/a><\/p>\n[\/vc_column_text][\/vc_column][\/vc_row][vc_row type=&#8221;full_width_content&#8221; full_screen_row_position=&#8221;middle&#8221; equal_height=&#8221;yes&#8221; content_placement=&#8221;middle&#8221; column_margin=&#8221;default&#8221; scene_position=&#8221;center&#8221; text_color=&#8221;dark&#8221; text_align=&#8221;left&#8221; bottom_padding=&#8221;50&#8243; class=&#8221;room&#8221; id=&#8221;habdoble&#8221; overlay_strength=&#8221;0.3&#8243; shape_divider_position=&#8221;bottom&#8221; bg_image_animation=&#8221;none&#8221; shape_type=&#8221;&#8221;][vc_column centered_text=&#8221;true&#8221; column_padding=&#8221;no-extra-padding&#8221; column_padding_position=&#8221;all&#8221; background_color_opacity=&#8221;1&#8243; background_hover_color_opacity=&#8221;1&#8243; column_link_target=&#8221;_self&#8221; column_shadow=&#8221;none&#8221; column_border_radius=&#8221;none&#8221; el_class=&#8221;cont-pera&#8221; width=&#8221;1\/2&#8243; tablet_width_inherit=&#8221;default&#8221; tablet_text_alignment=&#8221;default&#8221; phone_text_alignment=&#8221;default&#8221; overlay_strength=&#8221;0.3&#8243; column_border_width=&#8221;none&#8221; column_border_style=&#8221;solid&#8221; bg_image_animation=&#8221;none&#8221;][image_with_animation image_url=&#8221;4863&#8243; alignment=&#8221;&#8221; animation=&#8221;Fade In&#8221; hover_animation=&#8221;none&#8221; border_radius=&#8221;none&#8221; box_shadow=&#8221;none&#8221; image_loading=&#8221;default&#8221; max_width=&#8221;100%&#8221; max_width_mobile=&#8221;default&#8221; el_class=&#8221;img-pera opaci-img&#8221;][vc_column_text el_class=&#8221;text-hab-01&#8243; css=&#8221;.vc_custom_1599468671509{margin-right: 25% !important;margin-left: 25% !important;padding-right: 30px !important;padding-left: 30px !important;}&#8221;]\n<h4>Doble<\/h4>\n<p style=\"text-align: left;\">Les habitacions dobles disposen d&#8217;una superf\u00edcie de 15m2 amb llit de matrimoni, minibar, aire condicionat fred-calor, tv sat\u00e8l\u00b7lit, bany complet amb assecador de p\u00e8l.<\/p>\n<p><a class=\"btn-form\" href=\"https:\/\/bookings.canplanells.com\/ca\/\" target=\"_blank\" rel=\"noopener noreferrer\">Reservar<\/a>[\/vc_column_text][\/vc_column][vc_column centered_text=&#8221;true&#8221; column_padding=&#8221;no-extra-padding&#8221; column_padding_position=&#8221;all&#8221; background_color_opacity=&#8221;1&#8243; background_hover_color_opacity=&#8221;1&#8243; column_link_target=&#8221;_self&#8221; column_shadow=&#8221;none&#8221; column_border_radius=&#8221;none&#8221; width=&#8221;1\/2&#8243; tablet_width_inherit=&#8221;default&#8221; tablet_text_alignment=&#8221;default&#8221; phone_text_alignment=&#8221;default&#8221; overlay_strength=&#8221;0.3&#8243; column_border_width=&#8221;none&#8221; column_border_style=&#8221;solid&#8221; bg_image_animation=&#8221;none&#8221;][vc_column_text]<div class=\"rl-gallery-container rl-loading rl-pagination-paged\" id=\"rl-gallery-container-1\" data-gallery_id=\"8713\"> <div class=\"rl-gallery rl-basicgrid-gallery rl-hover-effect-2 rl-hover-icon-6\" id=\"rl-gallery-1\" data-gallery_no=\"1\"> <div class=\"rl-gallery-item\"><a href=\"https:\/\/www.canplanells.com\/wp-content\/uploads\/2020\/06\/CANPLANELLS_HAB5-6044.jpg\" title=\"\" data-rl_title=\"\" class=\"rl-gallery-link\" data-rl_caption=\"\" data-rel=\"lightbox-gallery-1\"><img loading=\"lazy\" decoding=\"async\" src=\"https:\/\/www.canplanells.com\/wp-content\/uploads\/2020\/06\/CANPLANELLS_HAB5-6044-768x566.jpg\" width=\"768\" height=\"566\" alt=\"\"\/><\/a><\/div><div class=\"rl-gallery-item\"><a href=\"https:\/\/www.canplanells.com\/wp-content\/uploads\/2020\/06\/CANPLANELLS_HAB5Low-6062.jpg\" title=\"\" data-rl_title=\"\" class=\"rl-gallery-link\" data-rl_caption=\"\" data-rel=\"lightbox-gallery-1\"><img loading=\"lazy\" decoding=\"async\" src=\"https:\/\/www.canplanells.com\/wp-content\/uploads\/2020\/06\/CANPLANELLS_HAB5Low-6062-768x566.jpg\" width=\"768\" height=\"566\" alt=\"\"\/><\/a><\/div><div class=\"rl-gallery-item\"><a href=\"https:\/\/www.canplanells.com\/wp-content\/uploads\/2020\/06\/CANPLANELLS_HAB5Low-6078.jpg\" title=\"\" data-rl_title=\"\" class=\"rl-gallery-link\" data-rl_caption=\"\" data-rel=\"lightbox-gallery-1\"><img loading=\"lazy\" decoding=\"async\" src=\"https:\/\/www.canplanells.com\/wp-content\/uploads\/2020\/06\/CANPLANELLS_HAB5Low-6078-768x566.jpg\" width=\"768\" height=\"566\" alt=\"\"\/><\/a><\/div> <\/div> <\/div>[\/vc_column_text][\/vc_column][\/vc_row][vc_row type=&#8221;full_width_content&#8221; full_screen_row_position=&#8221;middle&#8221; equal_height=&#8221;yes&#8221; column_margin=&#8221;default&#8221; scene_position=&#8221;center&#8221; text_color=&#8221;dark&#8221; text_align=&#8221;left&#8221; top_padding=&#8221;100&#8243; class=&#8221;room&#8221; id=&#8221;habdoblesuperior&#8221; overlay_strength=&#8221;0.3&#8243; shape_divider_position=&#8221;bottom&#8221; bg_image_animation=&#8221;none&#8221; shape_type=&#8221;&#8221;][vc_column column_padding=&#8221;no-extra-padding&#8221; column_padding_position=&#8221;all&#8221; background_color_opacity=&#8221;1&#8243; background_hover_color_opacity=&#8221;1&#8243; column_link_target=&#8221;_self&#8221; column_shadow=&#8221;none&#8221; column_border_radius=&#8221;none&#8221; width=&#8221;1\/2&#8243; tablet_width_inherit=&#8221;default&#8221; tablet_text_alignment=&#8221;default&#8221; phone_text_alignment=&#8221;default&#8221; overlay_strength=&#8221;0.3&#8243; column_border_width=&#8221;none&#8221; column_border_style=&#8221;solid&#8221; bg_image_animation=&#8221;none&#8221;][vc_raw_html]JTVCcmxfZ2FsbGVyeSUyMGlkJTNEJTIyODcxMSUyMiU1RA==[\/vc_raw_html][\/vc_column][vc_column column_padding=&#8221;no-extra-padding&#8221; column_padding_position=&#8221;all&#8221; background_color_opacity=&#8221;1&#8243; background_hover_color_opacity=&#8221;1&#8243; column_link_target=&#8221;_self&#8221; column_shadow=&#8221;none&#8221; column_border_radius=&#8221;none&#8221; el_class=&#8221;cont-doble&#8221; width=&#8221;1\/2&#8243; tablet_width_inherit=&#8221;default&#8221; tablet_text_alignment=&#8221;default&#8221; phone_text_alignment=&#8221;default&#8221; overlay_strength=&#8221;0.3&#8243; column_border_width=&#8221;none&#8221; column_border_style=&#8221;solid&#8221; bg_image_animation=&#8221;none&#8221;][image_with_animation image_url=&#8221;4896&#8243; alignment=&#8221;&#8221; animation=&#8221;Fade In&#8221; hover_animation=&#8221;none&#8221; border_radius=&#8221;none&#8221; box_shadow=&#8221;none&#8221; image_loading=&#8221;default&#8221; max_width=&#8221;100%&#8221; max_width_mobile=&#8221;default&#8221; el_class=&#8221;img-hoja opaci-img&#8221;][vc_column_text el_class=&#8221;text-hab-02&#8243; css=&#8221;.vc_custom_1599468690955{margin-right: 25% !important;margin-left: 25% !important;padding-right: 30px !important;padding-left: 30px !important;}&#8221;]\n<h4>Doble Superior<\/h4>\n<p>Amb una superf\u00edcie de 25 m\u00b2, les habitacions Doble Superior compten amb dos llits individuals, minibar, aire condicionat fred-calor, tv sat\u00e8l\u00b7lit, bany complet amb assecador de p\u00e8l.<\/p>\n<p><a class=\"btn-form\" href=\"https:\/\/bookings.canplanells.com\/ca\/\" target=\"_blank\" rel=\"noopener noreferrer\">Reservar<\/a>[\/vc_column_text][\/vc_column][\/vc_row][vc_row type=&#8221;full_width_content&#8221; full_screen_row_position=&#8221;middle&#8221; equal_height=&#8221;yes&#8221; content_placement=&#8221;middle&#8221; column_margin=&#8221;default&#8221; scene_position=&#8221;center&#8221; text_color=&#8221;dark&#8221; text_align=&#8221;left&#8221; top_padding=&#8221;100&#8243; class=&#8221;room&#8221; id=&#8221;habjuniorsuite&#8221; overlay_strength=&#8221;0.3&#8243; shape_divider_position=&#8221;bottom&#8221; bg_image_animation=&#8221;none&#8221; shape_type=&#8221;&#8221;][vc_column column_padding=&#8221;no-extra-padding&#8221; column_padding_position=&#8221;all&#8221; background_color_opacity=&#8221;1&#8243; background_hover_color_opacity=&#8221;1&#8243; column_link_target=&#8221;_self&#8221; column_shadow=&#8221;none&#8221; column_border_radius=&#8221;none&#8221; el_class=&#8221;cont-cebolla&#8221; width=&#8221;1\/2&#8243; tablet_width_inherit=&#8221;default&#8221; tablet_text_alignment=&#8221;default&#8221; phone_text_alignment=&#8221;default&#8221; overlay_strength=&#8221;0.3&#8243; column_border_width=&#8221;none&#8221; column_border_style=&#8221;solid&#8221; bg_image_animation=&#8221;none&#8221;][image_with_animation image_url=&#8221;4870&#8243; alignment=&#8221;&#8221; animation=&#8221;Fade In&#8221; hover_animation=&#8221;none&#8221; border_radius=&#8221;none&#8221; box_shadow=&#8221;none&#8221; image_loading=&#8221;default&#8221; max_width=&#8221;100%&#8221; max_width_mobile=&#8221;default&#8221; el_class=&#8221;img-cebolla opaci-img&#8221;][vc_column_text el_class=&#8221;text-hab-03&#8243; css=&#8221;.vc_custom_1719399774059{margin-right: 25% !important;margin-left: 25% !important;border-right-width: 30px !important;padding-left: 30px !important;}&#8221;]\n<h4 style=\"text-align: left;\">Junior Suite<\/h4>\n<p style=\"text-align: left;\">Decorades amb un estil r\u00fastic t\u00edpic de les edificacions eivissenques amb una superf\u00edcie de 35m2. Estan equipades amb llit de matrimoni, sal\u00f3, minibar, tel\u00e8fon, aire condicionat, calefacci\u00f3, tv sat\u00e8l\u00b7lit i bany complet. Aquestes habitacions permeten l&#8217;allotjament d&#8217;una tercera i una quarta persona amb llit supletori<\/p>\n<p style=\"text-align: left;\"><a class=\"btn-form\" href=\"https:\/\/bookings.canplanells.com\/ca\/\" target=\"_blank\" rel=\"noopener noreferrer\">Reservar<\/a><\/p>\n[\/vc_column_text][\/vc_column][vc_column column_padding=&#8221;no-extra-padding&#8221; column_padding_position=&#8221;all&#8221; background_color_opacity=&#8221;1&#8243; background_hover_color_opacity=&#8221;1&#8243; column_link_target=&#8221;_self&#8221; column_shadow=&#8221;none&#8221; column_border_radius=&#8221;none&#8221; width=&#8221;1\/2&#8243; tablet_width_inherit=&#8221;default&#8221; tablet_text_alignment=&#8221;default&#8221; phone_text_alignment=&#8221;default&#8221; overlay_strength=&#8221;0.3&#8243; column_border_width=&#8221;none&#8221; column_border_style=&#8221;solid&#8221; bg_image_animation=&#8221;none&#8221;][vc_raw_html]JTVCcmxfZ2FsbGVyeSUyMGlkJTNEJTIyODcwOCUyMiU1RA==[\/vc_raw_html][\/vc_column][\/vc_row][vc_row type=&#8221;full_width_content&#8221; full_screen_row_position=&#8221;middle&#8221; equal_height=&#8221;yes&#8221; content_placement=&#8221;middle&#8221; column_margin=&#8221;default&#8221; scene_position=&#8221;center&#8221; text_color=&#8221;dark&#8221; text_align=&#8221;left&#8221; top_padding=&#8221;100&#8243; bottom_padding=&#8221;100&#8243; class=&#8221;cont-castannas room&#8221; id=&#8221;habsuitesuperior&#8221; overlay_strength=&#8221;0.3&#8243; shape_divider_position=&#8221;bottom&#8221; bg_image_animation=&#8221;none&#8221; shape_type=&#8221;&#8221;][vc_column column_padding=&#8221;no-extra-padding&#8221; column_padding_position=&#8221;all&#8221; background_color_opacity=&#8221;1&#8243; background_hover_color_opacity=&#8221;1&#8243; column_link_target=&#8221;_self&#8221; column_shadow=&#8221;none&#8221; column_border_radius=&#8221;none&#8221; width=&#8221;1\/2&#8243; tablet_width_inherit=&#8221;default&#8221; tablet_text_alignment=&#8221;default&#8221; phone_text_alignment=&#8221;default&#8221; overlay_strength=&#8221;0.3&#8243; column_border_width=&#8221;none&#8221; column_border_style=&#8221;solid&#8221; bg_image_animation=&#8221;none&#8221;][vc_raw_html]JTVCcmxfZ2FsbGVyeSUyMGlkJTNEJTIyODcwMiUyMiU1RA==[\/vc_raw_html][\/vc_column][vc_column column_padding=&#8221;no-extra-padding&#8221; column_padding_position=&#8221;all&#8221; background_color_opacity=&#8221;1&#8243; background_hover_color_opacity=&#8221;1&#8243; column_link_target=&#8221;_self&#8221; column_shadow=&#8221;none&#8221; column_border_radius=&#8221;none&#8221; width=&#8221;1\/2&#8243; tablet_width_inherit=&#8221;default&#8221; tablet_text_alignment=&#8221;default&#8221; phone_text_alignment=&#8221;default&#8221; overlay_strength=&#8221;0.3&#8243; column_border_width=&#8221;none&#8221; column_border_style=&#8221;solid&#8221; bg_image_animation=&#8221;none&#8221;][image_with_animation image_url=&#8221;4867&#8243; alignment=&#8221;&#8221; animation=&#8221;Fade In&#8221; hover_animation=&#8221;none&#8221; border_radius=&#8221;none&#8221; box_shadow=&#8221;none&#8221; image_loading=&#8221;default&#8221; max_width=&#8221;100%&#8221; max_width_mobile=&#8221;default&#8221; el_class=&#8221;img-castannas opaci-img&#8221;][vc_column_text el_class=&#8221;text-castannas text-hab-04&#8243; css=&#8221;.vc_custom_1719399783672{margin-right: 25% !important;margin-left: 25% !important;padding-right: 30px !important;padding-left: 30px !important;}&#8221;]\n<h4>Suite Superior<\/h4>\n<p>\u00c0mplies i confortables, les Suite Superior compten amb una superf\u00edcie de 40 m\u00b2. Disposen de llit de matrimoni, minibar, aire condicionat fred-calor, tv sat\u00e8l\u00b7lit, bany complet amb assecador de p\u00e8l, sal\u00f3 independent i una terrassa exterior privada amb excel\u00b7lents vistes de les valls de Sant Miquel. Aquesta habitaci\u00f3 permet l&#8217;allotjament d&#8217;una tercera i quarta persona amb llit supletori<\/p>\n<p><a class=\"btn-form\" href=\"https:\/\/bookings.canplanells.com\/ca\/\" target=\"_blank\" rel=\"noopener noreferrer\">Reservar<\/a>[\/vc_column_text][\/vc_column][\/vc_row][vc_row type=&#8221;in_container&#8221; full_screen_row_position=&#8221;middle&#8221; column_margin=&#8221;default&#8221; scene_position=&#8221;center&#8221; text_color=&#8221;dark&#8221; text_align=&#8221;left&#8221; overlay_strength=&#8221;0.3&#8243; shape_divider_position=&#8221;bottom&#8221; bg_image_animation=&#8221;none&#8221;][vc_column column_padding=&#8221;no-extra-padding&#8221; column_padding_position=&#8221;all&#8221; background_color_opacity=&#8221;1&#8243; background_hover_color_opacity=&#8221;1&#8243; column_link_target=&#8221;_self&#8221; column_shadow=&#8221;none&#8221; column_border_radius=&#8221;none&#8221; width=&#8221;1\/1&#8243; tablet_width_inherit=&#8221;default&#8221; tablet_text_alignment=&#8221;default&#8221; phone_text_alignment=&#8221;default&#8221; overlay_strength=&#8221;0.3&#8243; column_border_width=&#8221;none&#8221; column_border_style=&#8221;solid&#8221; bg_image_animation=&#8221;none&#8221;]\n<div class=\"wpcf7 no-js\" id=\"wpcf7-f8683-o1\" lang=\"es-ES\" dir=\"ltr\" data-wpcf7-id=\"8683\">\n<div class=\"screen-reader-response\"><p role=\"status\" aria-live=\"polite\" aria-atomic=\"true\"><\/p> <ul><\/ul><\/div>\n<form action=\"\/ca\/wp-json\/wp\/v2\/pages\/8688#wpcf7-f8683-o1\" method=\"post\" class=\"wpcf7-form init\" aria-label=\"Formulario de contacto\" novalidate=\"novalidate\" data-status=\"init\">\n<fieldset class=\"hidden-fields-container\"><input type=\"hidden\" name=\"_wpcf7\" value=\"8683\" \/><input type=\"hidden\" name=\"_wpcf7_version\" value=\"6.1.3\" \/><input type=\"hidden\" name=\"_wpcf7_locale\" value=\"es_ES\" \/><input type=\"hidden\" name=\"_wpcf7_unit_tag\" value=\"wpcf7-f8683-o1\" \/><input type=\"hidden\" name=\"_wpcf7_container_post\" value=\"0\" \/><input type=\"hidden\" name=\"_wpcf7_posted_data_hash\" value=\"\" \/>\n<\/fieldset>\n<div class=\"contact-form-footer\">\n\t<h3><em><strong>Records des de Ca Planells<\/strong><\/em>\n\t<\/h3>\n\t<p class=\"lead\">Rep nostres newsletter cada mes amb informaci\u00f3 sobre Eivissa i Ca Planells. Els nostres correus s\u00f3n sempre interessants i pocs.\n\t<\/p>\n\t<div class=\"span_12 col left \">\n\t\t<div class=\"vc_col-sm-6 wpb_column column_container vc_column_container no-extra-padding instance-1\">\n\t\t\t<p><label> <span class=\"wpcf7-form-control-wrap\" data-name=\"your-name\"><input size=\"40\" maxlength=\"400\" class=\"wpcf7-form-control wpcf7-text wpcf7-validates-as-required\" aria-required=\"true\" aria-invalid=\"false\" placeholder=\"Nom\" value=\"\" type=\"text\" name=\"your-name\" \/><\/span> <\/label>\n\t\t\t<\/p>\n\t\t<\/div>\n\t\t<div class=\"vc_col-sm-6 wpb_column column_container vc_column_container no-extra-padding instance-2\">\n\t\t\t<p><label> <span class=\"wpcf7-form-control-wrap\" data-name=\"your-email\"><input size=\"40\" maxlength=\"400\" class=\"wpcf7-form-control wpcf7-email wpcf7-validates-as-required wpcf7-text wpcf7-validates-as-email\" aria-required=\"true\" aria-invalid=\"false\" placeholder=\"Email\" value=\"\" type=\"email\" name=\"your-email\" \/><\/span> <\/label>\n\t\t\t<\/p>\n\t\t<\/div>\n\t<\/div>\n\t<p style=\"padding-bottom: 0px; text-align:left\"><br \/>\n<label class=\"label-acceptance\"> <span class=\"wpcf7-form-control-wrap\" data-name=\"acceptance-200\"><span class=\"wpcf7-form-control wpcf7-acceptance optional\"><span class=\"wpcf7-list-item\"><input type=\"checkbox\" name=\"acceptance-200\" value=\"1\" aria-invalid=\"false\" \/><\/span><\/span><\/span> He llegit i accepto la pol\u00edtica de privacitat. <a href=\"https:\/\/www.canplanells.com\/ca\/politica-de-privacidad\/\" target=\"_blank\">Llegir aqu\u00ed<\/a>.<\/label>\n\t<\/p>\n\t<div style=\"float:left; padding-top: 10px;\">\n\t<div class=\"wpcf7-turnstile cf-turnstile\" data-sitekey=\"0x4AAAAAABtJitYYuMhZLlJP\" data-response-field-name=\"_wpcf7_turnstile_response\"><\/div>\n\t<\/div>\n\t<div style=\"text-align: right;\">\n\t\t<p><input class=\"wpcf7-form-control wpcf7-submit has-spinner btn-form\" type=\"submit\" value=\"Subscriure&#039;s\" \/>\n\t\t<\/p>\n\t<\/div>\n<\/div><div class=\"wpcf7-response-output\" aria-hidden=\"true\"><\/div>\n<\/form>\n<\/div>\n[\/vc_column][\/vc_row][vc_row type=&#8221;in_container&#8221; full_screen_row_position=&#8221;middle&#8221; column_margin=&#8221;default&#8221; scene_position=&#8221;center&#8221; text_color=&#8221;dark&#8221; text_align=&#8221;left&#8221; disable_element=&#8221;yes&#8221; overlay_strength=&#8221;0.3&#8243; shape_divider_position=&#8221;bottom&#8221; bg_image_animation=&#8221;none&#8221; shape_type=&#8221;&#8221;][vc_column column_padding=&#8221;no-extra-padding&#8221; column_padding_position=&#8221;all&#8221; background_color_opacity=&#8221;1&#8243; background_hover_color_opacity=&#8221;1&#8243; column_link_target=&#8221;_self&#8221; column_shadow=&#8221;none&#8221; column_border_radius=&#8221;none&#8221; width=&#8221;1\/1&#8243; tablet_width_inherit=&#8221;default&#8221; tablet_text_alignment=&#8221;default&#8221; phone_text_alignment=&#8221;default&#8221; overlay_strength=&#8221;0.3&#8243; column_border_width=&#8221;none&#8221; column_border_style=&#8221;solid&#8221; bg_image_animation=&#8221;none&#8221;][image_with_animation image_url=&#8221;4725&#8243; alignment=&#8221;right&#8221; animation=&#8221;None&#8221; hover_animation=&#8221;none&#8221; border_radius=&#8221;none&#8221; box_shadow=&#8221;none&#8221; image_loading=&#8221;default&#8221; max_width=&#8221;75%&#8221; max_width_mobile=&#8221;110%&#8221; margin_bottom=&#8221;20&#8243; rel=&#8221;group&#8221;][vc_row_inner content_placement=&#8221;middle&#8221; column_margin=&#8221;20px&#8221; text_align=&#8221;left&#8221;][vc_column_inner column_padding=&#8221;no-extra-padding&#8221; column_padding_position=&#8221;all&#8221; background_color_opacity=&#8221;1&#8243; background_hover_color_opacity=&#8221;1&#8243; column_shadow=&#8221;none&#8221; column_border_radius=&#8221;none&#8221; column_link_target=&#8221;_self&#8221; width=&#8221;1\/2&#8243; tablet_width_inherit=&#8221;default&#8221; overlay_strength=&#8221;0.3&#8243; column_border_width=&#8221;none&#8221; column_border_style=&#8221;solid&#8221; bg_image_animation=&#8221;none&#8221;][image_with_animation image_url=&#8221;4731&#8243; alignment=&#8221;&#8221; animation=&#8221;Fade In&#8221; img_link_large=&#8221;yes&#8221; hover_animation=&#8221;none&#8221; border_radius=&#8221;none&#8221; box_shadow=&#8221;none&#8221; image_loading=&#8221;default&#8221; max_width=&#8221;100%&#8221; max_width_mobile=&#8221;110%&#8221; el_class=&#8221;fancybox&#8221;][\/vc_column_inner][vc_column_inner column_padding=&#8221;no-extra-padding&#8221; column_padding_position=&#8221;all&#8221; centered_text=&#8221;true&#8221; background_color_opacity=&#8221;1&#8243; background_hover_color_opacity=&#8221;1&#8243; column_shadow=&#8221;none&#8221; column_border_radius=&#8221;none&#8221; column_link_target=&#8221;_self&#8221; width=&#8221;1\/2&#8243; tablet_width_inherit=&#8221;default&#8221; overlay_strength=&#8221;0.3&#8243; column_border_width=&#8221;none&#8221; column_border_style=&#8221;solid&#8221; bg_image_animation=&#8221;none&#8221;][image_with_animation image_url=&#8221;4728&#8243; alignment=&#8221;&#8221; animation=&#8221;Fade In&#8221; img_link_large=&#8221;yes&#8221; hover_animation=&#8221;none&#8221; border_radius=&#8221;none&#8221; box_shadow=&#8221;none&#8221; image_loading=&#8221;default&#8221; max_width=&#8221;100%&#8221; max_width_mobile=&#8221;110%&#8221; el_class=&#8221;fancybox&#8221;][\/vc_column_inner][\/vc_row_inner][\/vc_column][\/vc_row]\n","protected":false},"excerpt":{"rendered":"<p>[vc_row type=&#8221;in_container&#8221; full_screen_row_position=&#8221;middle&#8221; column_margin=&#8221;default&#8221; scene_position=&#8221;center&#8221; text_color=&#8221;dark&#8221; text_align=&#8221;left&#8221; bottom_padding=&#8221;40&#8243; class=&#8221;row-habitaciones&#8221; overlay_strength=&#8221;0.3&#8243; shape_divider_position=&#8221;bottom&#8221; bg_image_animation=&#8221;none&#8221; shape_type=&#8221;&#8221;][vc_column column_padding=&#8221;no-extra-padding&#8221; column_padding_position=&#8221;all&#8221; background_color_opacity=&#8221;1&#8243; background_hover_color_opacity=&#8221;1&#8243; column_link_target=&#8221;_self&#8221; column_shadow=&#8221;none&#8221; column_border_radius=&#8221;none&#8221; width=&#8221;1\/1&#8243; tablet_width_inherit=&#8221;default&#8221; tablet_text_alignment=&#8221;default&#8221; phone_text_alignment=&#8221;default&#8221; overlay_strength=&#8221;0.3&#8243; column_border_width=&#8221;none&#8221; column_border_style=&#8221;solid&#8221; bg_image_animation=&#8221;none&#8221;][vc_column_text css=&#8221;.vc_custom_1599468559808{margin-bottom: 45px&#8230;<\/p>\n","protected":false},"author":1,"featured_media":0,"parent":0,"menu_order":0,"comment_status":"closed","ping_status":"closed","template":"","meta":{"footnotes":""},"class_list":["post-8688","page","type-page","status-publish"],"yoast_head":"<!-- This site is optimized with the Yoast SEO plugin v26.3 - https:\/\/yoast.com\/wordpress\/plugins\/seo\/ -->\n<title>Habitacions - Can Planells<\/title>\n<meta name=\"robots\" content=\"index, follow, max-snippet:-1, max-image-preview:large, max-video-preview:-1\" \/>\n<link rel=\"canonical\" href=\"https:\/\/www.canplanells.com\/ca\/habitacions\/\" \/>\n<meta property=\"og:locale\" content=\"ca_ES\" \/>\n<meta property=\"og:type\" content=\"article\" \/>\n<meta property=\"og:title\" content=\"Habitacions - Can Planells\" \/>\n<meta property=\"og:description\" content=\"[vc_row type=&#8221;in_container&#8221; full_screen_row_position=&#8221;middle&#8221; column_margin=&#8221;default&#8221; scene_position=&#8221;center&#8221; text_color=&#8221;dark&#8221; text_align=&#8221;left&#8221; bottom_padding=&#8221;40&#8243; class=&#8221;row-habitaciones&#8221; overlay_strength=&#8221;0.3&#8243; shape_divider_position=&#8221;bottom&#8221; bg_image_animation=&#8221;none&#8221; shape_type=&#8221;&#8221;][vc_column column_padding=&#8221;no-extra-padding&#8221; column_padding_position=&#8221;all&#8221; background_color_opacity=&#8221;1&#8243; background_hover_color_opacity=&#8221;1&#8243; column_link_target=&#8221;_self&#8221; column_shadow=&#8221;none&#8221; column_border_radius=&#8221;none&#8221; width=&#8221;1\/1&#8243; tablet_width_inherit=&#8221;default&#8221; tablet_text_alignment=&#8221;default&#8221; phone_text_alignment=&#8221;default&#8221; overlay_strength=&#8221;0.3&#8243; column_border_width=&#8221;none&#8221; column_border_style=&#8221;solid&#8221; bg_image_animation=&#8221;none&#8221;][vc_column_text css=&#8221;.vc_custom_1599468559808{margin-bottom: 45px...\" \/>\n<meta property=\"og:url\" content=\"https:\/\/www.canplanells.com\/ca\/habitacions\/\" \/>\n<meta property=\"og:site_name\" content=\"Can Planells\" \/>\n<meta property=\"article:publisher\" content=\"https:\/\/www.facebook.com\/canplanells\" \/>\n<meta property=\"article:modified_time\" content=\"2024-06-26T11:03:06+00:00\" \/>\n<meta name=\"twitter:card\" content=\"summary_large_image\" \/>\n<meta name=\"twitter:label1\" content=\"Temps estimat de lectura\" \/>\n\t<meta name=\"twitter:data1\" content=\"9 minuts\" \/>\n<script type=\"application\/ld+json\" class=\"yoast-schema-graph\">{\"@context\":\"https:\/\/schema.org\",\"@graph\":[{\"@type\":\"WebPage\",\"@id\":\"https:\/\/www.canplanells.com\/ca\/habitacions\/\",\"url\":\"https:\/\/www.canplanells.com\/ca\/habitacions\/\",\"name\":\"Habitacions - Can Planells\",\"isPartOf\":{\"@id\":\"https:\/\/www.canplanells.com\/ca\/#website\"},\"datePublished\":\"2020-04-16T20:55:33+00:00\",\"dateModified\":\"2024-06-26T11:03:06+00:00\",\"breadcrumb\":{\"@id\":\"https:\/\/www.canplanells.com\/ca\/habitacions\/#breadcrumb\"},\"inLanguage\":\"ca\",\"potentialAction\":[{\"@type\":\"ReadAction\",\"target\":[\"https:\/\/www.canplanells.com\/ca\/habitacions\/\"]}]},{\"@type\":\"BreadcrumbList\",\"@id\":\"https:\/\/www.canplanells.com\/ca\/habitacions\/#breadcrumb\",\"itemListElement\":[{\"@type\":\"ListItem\",\"position\":1,\"name\":\"Portada\",\"item\":\"https:\/\/www.canplanells.com\/ca\/home\/\"},{\"@type\":\"ListItem\",\"position\":2,\"name\":\"Habitacions\"}]},{\"@type\":\"WebSite\",\"@id\":\"https:\/\/www.canplanells.com\/ca\/#website\",\"url\":\"https:\/\/www.canplanells.com\/ca\/\",\"name\":\"Can Planells\",\"description\":\"Agroturismo en Ibiza\",\"publisher\":{\"@id\":\"https:\/\/www.canplanells.com\/ca\/#organization\"},\"potentialAction\":[{\"@type\":\"SearchAction\",\"target\":{\"@type\":\"EntryPoint\",\"urlTemplate\":\"https:\/\/www.canplanells.com\/ca\/?s={search_term_string}\"},\"query-input\":{\"@type\":\"PropertyValueSpecification\",\"valueRequired\":true,\"valueName\":\"search_term_string\"}}],\"inLanguage\":\"ca\"},{\"@type\":\"Organization\",\"@id\":\"https:\/\/www.canplanells.com\/ca\/#organization\",\"name\":\"Can Planells\",\"url\":\"https:\/\/www.canplanells.com\/ca\/\",\"logo\":{\"@type\":\"ImageObject\",\"inLanguage\":\"ca\",\"@id\":\"https:\/\/www.canplanells.com\/ca\/#\/schema\/logo\/image\/\",\"url\":\"https:\/\/www.canplanells.com\/wp-content\/uploads\/2020\/04\/logo-can-planells.svg\",\"contentUrl\":\"https:\/\/www.canplanells.com\/wp-content\/uploads\/2020\/04\/logo-can-planells.svg\",\"width\":1,\"height\":1,\"caption\":\"Can Planells\"},\"image\":{\"@id\":\"https:\/\/www.canplanells.com\/ca\/#\/schema\/logo\/image\/\"},\"sameAs\":[\"https:\/\/www.facebook.com\/canplanells\",\"https:\/\/www.instagram.com\/canplanells\/\/\"]}]}<\/script>\n<!-- \/ Yoast SEO plugin. -->","yoast_head_json":{"title":"Habitacions - Can Planells","robots":{"index":"index","follow":"follow","max-snippet":"max-snippet:-1","max-image-preview":"max-image-preview:large","max-video-preview":"max-video-preview:-1"},"canonical":"https:\/\/www.canplanells.com\/ca\/habitacions\/","og_locale":"ca_ES","og_type":"article","og_title":"Habitacions - Can Planells","og_description":"[vc_row type=&#8221;in_container&#8221; full_screen_row_position=&#8221;middle&#8221; column_margin=&#8221;default&#8221; scene_position=&#8221;center&#8221; text_color=&#8221;dark&#8221; text_align=&#8221;left&#8221; bottom_padding=&#8221;40&#8243; class=&#8221;row-habitaciones&#8221; overlay_strength=&#8221;0.3&#8243; shape_divider_position=&#8221;bottom&#8221; bg_image_animation=&#8221;none&#8221; shape_type=&#8221;&#8221;][vc_column column_padding=&#8221;no-extra-padding&#8221; column_padding_position=&#8221;all&#8221; background_color_opacity=&#8221;1&#8243; background_hover_color_opacity=&#8221;1&#8243; column_link_target=&#8221;_self&#8221; column_shadow=&#8221;none&#8221; column_border_radius=&#8221;none&#8221; width=&#8221;1\/1&#8243; tablet_width_inherit=&#8221;default&#8221; tablet_text_alignment=&#8221;default&#8221; phone_text_alignment=&#8221;default&#8221; overlay_strength=&#8221;0.3&#8243; column_border_width=&#8221;none&#8221; column_border_style=&#8221;solid&#8221; bg_image_animation=&#8221;none&#8221;][vc_column_text css=&#8221;.vc_custom_1599468559808{margin-bottom: 45px...","og_url":"https:\/\/www.canplanells.com\/ca\/habitacions\/","og_site_name":"Can Planells","article_publisher":"https:\/\/www.facebook.com\/canplanells","article_modified_time":"2024-06-26T11:03:06+00:00","twitter_card":"summary_large_image","twitter_misc":{"Temps estimat de lectura":"9 minuts"},"schema":{"@context":"https:\/\/schema.org","@graph":[{"@type":"WebPage","@id":"https:\/\/www.canplanells.com\/ca\/habitacions\/","url":"https:\/\/www.canplanells.com\/ca\/habitacions\/","name":"Habitacions - Can Planells","isPartOf":{"@id":"https:\/\/www.canplanells.com\/ca\/#website"},"datePublished":"2020-04-16T20:55:33+00:00","dateModified":"2024-06-26T11:03:06+00:00","breadcrumb":{"@id":"https:\/\/www.canplanells.com\/ca\/habitacions\/#breadcrumb"},"inLanguage":"ca","potentialAction":[{"@type":"ReadAction","target":["https:\/\/www.canplanells.com\/ca\/habitacions\/"]}]},{"@type":"BreadcrumbList","@id":"https:\/\/www.canplanells.com\/ca\/habitacions\/#breadcrumb","itemListElement":[{"@type":"ListItem","position":1,"name":"Portada","item":"https:\/\/www.canplanells.com\/ca\/home\/"},{"@type":"ListItem","position":2,"name":"Habitacions"}]},{"@type":"WebSite","@id":"https:\/\/www.canplanells.com\/ca\/#website","url":"https:\/\/www.canplanells.com\/ca\/","name":"Can Planells","description":"Agroturismo en Ibiza","publisher":{"@id":"https:\/\/www.canplanells.com\/ca\/#organization"},"potentialAction":[{"@type":"SearchAction","target":{"@type":"EntryPoint","urlTemplate":"https:\/\/www.canplanells.com\/ca\/?s={search_term_string}"},"query-input":{"@type":"PropertyValueSpecification","valueRequired":true,"valueName":"search_term_string"}}],"inLanguage":"ca"},{"@type":"Organization","@id":"https:\/\/www.canplanells.com\/ca\/#organization","name":"Can Planells","url":"https:\/\/www.canplanells.com\/ca\/","logo":{"@type":"ImageObject","inLanguage":"ca","@id":"https:\/\/www.canplanells.com\/ca\/#\/schema\/logo\/image\/","url":"https:\/\/www.canplanells.com\/wp-content\/uploads\/2020\/04\/logo-can-planells.svg","contentUrl":"https:\/\/www.canplanells.com\/wp-content\/uploads\/2020\/04\/logo-can-planells.svg","width":1,"height":1,"caption":"Can Planells"},"image":{"@id":"https:\/\/www.canplanells.com\/ca\/#\/schema\/logo\/image\/"},"sameAs":["https:\/\/www.facebook.com\/canplanells","https:\/\/www.instagram.com\/canplanells\/\/"]}]}},"_links":{"self":[{"href":"https:\/\/www.canplanells.com\/ca\/wp-json\/wp\/v2\/pages\/8688","targetHints":{"allow":["GET"]}}],"collection":[{"href":"https:\/\/www.canplanells.com\/ca\/wp-json\/wp\/v2\/pages"}],"about":[{"href":"https:\/\/www.canplanells.com\/ca\/wp-json\/wp\/v2\/types\/page"}],"author":[{"embeddable":true,"href":"https:\/\/www.canplanells.com\/ca\/wp-json\/wp\/v2\/users\/1"}],"replies":[{"embeddable":true,"href":"https:\/\/www.canplanells.com\/ca\/wp-json\/wp\/v2\/comments?post=8688"}],"version-history":[{"count":9,"href":"https:\/\/www.canplanells.com\/ca\/wp-json\/wp\/v2\/pages\/8688\/revisions"}],"predecessor-version":[{"id":8902,"href":"https:\/\/www.canplanells.com\/ca\/wp-json\/wp\/v2\/pages\/8688\/revisions\/8902"}],"wp:attachment":[{"href":"https:\/\/www.canplanells.com\/ca\/wp-json\/wp\/v2\/media?parent=8688"}],"curies":[{"name":"wp","href":"https:\/\/api.w.org\/{rel}","templated":true}]}}